{"id":4721,"date":"2026-01-21T12:06:39","date_gmt":"2026-01-21T11:06:39","guid":{"rendered":"https:\/\/www.mc-praha.cz\/mcp\/?page_id=4721"},"modified":"2026-01-21T12:13:41","modified_gmt":"2026-01-21T11:13:41","slug":"ochrana-osobnich-udaju","status":"publish","type":"page","link":"https:\/\/www.mc-praha.cz\/mcp\/ochrana-osobnich-udaju\/","title":{"rendered":"Ochrana osobn\u00edch \u00fadaj\u016f"},"content":{"rendered":"<div style=\"width: 900px; margin: auto; padding: 40px;\">\n<p><strong>Informace o zpracov\u00e1n\u00ed osobn\u00edch \u00fadaj\u016f<\/strong><\/p>\n<p>V\u00a0souladu s\u00a0Na\u0159\u00edzen\u00edm Evropsk\u00e9ho parlamentu a Rady (EU) 2016\/679 ze dne 27. dubna 2016 o ochran\u011b fyzick\u00fdch osob v\u00a0souvislosti se zpracov\u00e1n\u00edm osobn\u00edch \u00fadaj\u016f a o voln\u00e9m pohybu t\u011bchto \u00fadaj\u016f a o zru\u0161en\u00ed sm\u011brnice 95\/46\/ES (obecn\u00e9 na\u0159\u00edzen\u00ed o ochran\u011b osobn\u00edch \u00fadaj\u016f) a v\u00a0souladu se z\u00e1konem \u010d. 110\/2019 Sb., o zpracov\u00e1n\u00ed osobn\u00edch \u00fadaj\u016f a o zm\u011bn\u011b n\u011bkter\u00fdch z\u00e1kon\u016f v\u00a0platn\u00e9m zn\u011bn\u00ed (d\u00e1le jen \u201eGDPR\u201c) jsme povinni informovat V\u00e1s jako subjekt \u00fadaj\u016f (d\u00e1le jen \u201eKlient\u201c) o\u00a0zp\u016fsobu zpracov\u00e1n\u00ed Va\u0161ich osobn\u00edch \u00fadaj\u016f v\u00a0Medic\u00ednsk\u00e9m centru Praha s.r.o. (d\u00e1le jen \u201eSpr\u00e1vce\u201c).<\/p>\n<h2 class=\"wp-block-heading\"><strong>I. Spr\u00e1vce osobn\u00edch \u00fadaj\u016f<\/strong><\/h2>\n<p>Medic\u00ednsk\u00e9 centrum Praha s.r.o., se s\u00eddlem Mezi Vodami 205\/29, 143 00 Praha 4, I\u010c: 25032119, zapsan\u00e9 ve ve\u0159ejn\u00e9m rejst\u0159\u00edku veden\u00e9m M\u011bstsk\u00fdm soudem v Praze, odd\u00edl C, vlo\u017eka 116020.<\/p>\n<h2 class=\"wp-block-heading\"><strong>II. Rozsah zpracov\u00e1van\u00fdch osobn\u00edch \u00fadaj\u016f<\/strong><\/h2>\n<h3 class=\"wp-block-heading\">A. KLIENTI (PACIENTI), JEJICH Z\u00c1STUPCI A OSOBY BL\u00cdZK\u00c9<\/h3>\n<p>Uchov\u00e1v\u00e1me informace pot\u0159ebn\u00e9 na \u0159\u00edzen\u00ed smluvn\u00edho nebo obchodn\u00e9ho vztahu. Abychom mohli s v\u00e1mi komunikovat a zabezpe\u010dit bezpe\u010dnou a pravdivou identifikaci, shroma\u017e\u010fujeme tyto \u00fadaje:<\/p>\n<ul class=\"wp-block-list\">\n<li>va\u0161e jm\u00e9no a p\u0159\u00edjmen\u00ed,<\/li>\n<li>va\u0161e adresa,<\/li>\n<li>va\u0161e e-mailov\u00e1 adresa,<\/li>\n<li>va\u0161e telefonn\u00ed \u010d\u00edslo,<\/li>\n<li>va\u0161e \u010d\u00edslo bankovn\u00ed \u00fa\u010dtu,<\/li>\n<li>va\u0161e datum narozen\u00ed,<\/li>\n<li>\u010d\u00edslo va\u0161eho identifika\u010dn\u00edho dokumentu.<\/li>\n<\/ul>\n<p>V rozsahu nezbytn\u00e9m pro v\u00fdkon sv\u00e9 \u010dinnosti na z\u00e1klad\u011b z\u00e1konem dan\u00fdch povinnost\u00ed uchov\u00e1v\u00e1me ve zvl\u00e1\u0161tn\u00ed kategorii osobn\u00edch \u00fadaj\u016f citliv\u00e9 osobn\u00ed \u00fadaje:<\/p>\n<ul class=\"wp-block-list\">\n<li>o va\u0161em zdravotn\u00edm stavu,<\/li>\n<li>va\u0161e pohlav\u00ed,<\/li>\n<li>va\u0161e rodn\u00e9 \u010d\u00edslo.<\/li>\n<\/ul>\n<p>P\u0159i n\u00e1v\u0161t\u011bv\u011b na\u0161eho webu ukl\u00e1d\u00e1me do va\u0161eho za\u0159\u00edzen\u00ed a n\u00e1sledn\u011b z n\u011bj \u010dteme mal\u00e9 soubory, tzv. cookies, a to v\u011bt\u0161inou s va\u0161\u00edm souhlasem. Kdy\u017e n\u00e1m souhlas neud\u011bl\u00edte, zpracov\u00e1v\u00e1me pouze tzv. technick\u00e1 cookies nezbytn\u00e1 pro fungov\u00e1n\u00ed na\u0161ich str\u00e1nek. V\u00edce o zpracov\u00e1n\u00ed cookies naleznete <a href=\"https:\/\/www.mc-praha.cz\/mcp\/zasady-cookies\/\" target=\"_blank\" rel=\"noopener\">ZDE<\/a>.<\/p>\n<h3 class=\"wp-block-heading\">B. SMLUVN\u00cd PARTNE\u0158I, ODB\u011aRATEL\u00c9, DODAVATEL\u00c9, P\u0158\u00cdP. JEJICH Z\u00c1STUPCI<\/h3>\n<p>Z d\u016fvodu spln\u011bn\u00ed smluvn\u00edho vztahu (objedn\u00e1vky) nebo z\u00e1konn\u00fdch povinnost\u00ed je nutn\u00e9 zpracov\u00e1vat osobn\u00ed \u00fadaje smluvn\u00edch partner\u016f, odb\u011bratel\u016f a dodavatel\u016f, kter\u00e9 jsou podnikaj\u00edc\u00edmi fyzick\u00fdmi osobami nebo pr\u00e1vnick\u00fdmi osobami, v\u00a0rozsahu:<\/p>\n<ul class=\"wp-block-list\">\n<li>jm\u00e9no, pop\u0159\u00edpad\u011b jm\u00e9na, a p\u0159\u00edjmen\u00ed (jsou-li sou\u010d\u00e1st\u00ed obchodn\u00ed firmy),<\/li>\n<li>I\u010cO, DI\u010c,<\/li>\n<li>adresa s\u00eddla nebo m\u00edsta podnik\u00e1n\u00ed,<\/li>\n<li>bankovn\u00ed spojen\u00ed<\/li>\n<li>e-mailov\u00e1 adresa,<\/li>\n<li>telefonn\u00ed \u010d\u00edslo.<\/li>\n<\/ul>\n<h3 class=\"wp-block-heading\">C. N\u00c1V\u0160T\u011aVN\u00cdCI ZDRAVOTNICK\u00c9HO ZA\u0158\u00cdZEN\u00cd<\/h3>\n<p>Prost\u0159ednictv\u00edm kamerov\u00e9ho syst\u00e9mu zpracov\u00e1v\u00e1me osobn\u00ed \u00fadaje osob pohybuj\u00edc\u00edch se ve sn\u00edman\u00fdch prostor\u00e1ch zdravotnick\u00e9ho za\u0159\u00edzen\u00ed v\u00a0rozsahu:<\/p>\n<ul class=\"wp-block-list\">\n<li>video z\u00e1znamu fyzick\u00e9 podoby.<\/li>\n<\/ul>\n<h2 class=\"wp-block-heading\"><strong>III. \u00da\u010del zpracov\u00e1n\u00ed poskytnut\u00fdch \u00fadaj\u016f<\/strong><\/h2>\n<p>Zpracov\u00e1v\u00e1me osobn\u00ed \u00fadaje za \u00fa\u010delem poskytov\u00e1n\u00ed zdravotn\u00edch slu\u017eeb klient\u016fm \u2013 pacient\u016fm; poskytov\u00e1n\u00ed zdravotn\u00edch slu\u017eeb zahrnuje krom jin\u00e9ho vy\u00fa\u010dtov\u00e1n\u00ed zdravotn\u00edch slu\u017eeb, vykazov\u00e1n\u00ed v\u016f\u010di zdravotn\u00ed poji\u0161\u0165ovn\u011b, jedn\u00e1-li se o slu\u017eby hrazen\u00e9 poji\u0161\u0165ovnou, zaji\u0161t\u011bn\u00ed n\u00e1vazn\u00fdch a dal\u0161\u00edch zdravotn\u00edch slu\u017eeb ve spolupracuj\u00edc\u00edch zdravotnick\u00fdch za\u0159\u00edzen\u00edch na \u017e\u00e1dost klienta apod. Spolu s t\u00edm je \u00fa\u010delem zpracov\u00e1n\u00ed osobn\u00edch \u00fadaj\u016f pln\u011bn\u00ed souvisej\u00edc\u00edch z\u00e1konn\u00fdch povinnost\u00ed Spr\u00e1vce, zejm\u00e9na veden\u00ed zdravotnick\u00e9 dokumentace, da\u0148ov\u00e9 \u00fa\u010dely, veden\u00ed \u00fa\u010detnictv\u00ed, povinn\u00e9 hl\u00e1\u0161en\u00ed do registr\u016f atd.<\/p>\n<p>V p\u0159\u00edpad\u011b z\u00e1stupc\u016f a osob bl\u00edzk\u00fdch pacientovi je \u00fa\u010delem zpracov\u00e1n\u00ed osobn\u00edch \u00fadaj\u016f pln\u011bn\u00ed pr\u00e1vn\u00ed povinnosti \u2013 \u0159\u00e1dn\u00e9 poskytnut\u00ed zdravotn\u00edch slu\u017eeb pacientovi, veden\u00ed zdravotnick\u00e9 dokumentace pacienta, z\u00e1znam\u016f o ud\u011blen\u00fdch souhlasech s poskytnut\u00edm zdravotn\u00ed slu\u017eby a informov\u00e1n\u00ed o zdravotn\u00edm stavu pacienta.<\/p>\n<p>Za \u00fa\u010delem pln\u011bn\u00ed obchodn\u00edch a partnersk\u00fdch smluv zpracov\u00e1v\u00e1me osobn\u00ed \u00fadaje a kontaktn\u00ed \u00fadaje potenci\u00e1ln\u00edch dodavatel\u016f a odb\u011bratel\u016f zbo\u017e\u00ed nebo slu\u017eeb za \u00fa\u010delem jedn\u00e1n\u00ed o smlouv\u011b, evidence komunikace t\u00fdkaj\u00edc\u00ed se jedn\u00e1n\u00ed o smlouv\u011b (kv\u016fli prok\u00e1z\u00e1n\u00ed obsahu smlouvy, p\u0159\u00edp. v souvislosti s p\u0159edsmluvn\u00ed odpov\u011bdnostn\u00ed atd.), uzav\u0159en\u00ed a pln\u011bn\u00ed smlouvy. V souvislosti s pln\u011bn\u00edm smlouvy se jedn\u00e1 o dokumentaci a korespondenci t\u00fdkaj\u00edc\u00ed se realizace smluvn\u00edho z\u00e1vazku za \u00fa\u010delem prok\u00e1z\u00e1n\u00ed zp\u016fsobu pln\u011bn\u00ed smlouvy, ochrany a uplatn\u011bn\u00ed pr\u00e1v a pln\u011bn\u00ed na\u0161ich z\u00e1konn\u00fdch povinnost\u00ed.<\/p>\n<p>Nen\u00ed-li smluvn\u00ed stranou odb\u011bratel nebo dodavatel s\u00e1m, jsou evidov\u00e1ny \u00fadaje jeho zam\u011bstnanc\u016f, statut\u00e1rn\u00edch z\u00e1stupc\u016f nebo jin\u00fdch osob ur\u010den\u00fdch k jedn\u00e1n\u00ed o smlouv\u011b, uzav\u0159en\u00ed smlouvy, p\u0159\u00edp. zaji\u0161t\u011bn\u00ed pln\u011bn\u00ed smlouvy.<\/p>\n<p>Pokud se zaregistrujete \u010di vytvo\u0159\u00edte objedn\u00e1vku\/konzultaci na na\u0161ich str\u00e1nk\u00e1ch, zpracov\u00e1v\u00e1me va\u0161e identifika\u010dn\u00ed a kontaktn\u00ed \u00fadaje a \u00fadaje o va\u0161ich objedn\u00e1vk\u00e1ch, za \u00fa\u010delem pln\u011bn\u00ed na\u0161ich smluvn\u00edch povinnost\u00ed, tedy bez va\u0161eho souhlasu.<\/p>\n<p>Zpracov\u00e1vat m\u016f\u017eeme rovn\u011b\u017e \u00fadaje o va\u0161em pohybu na na\u0161em webu z doby p\u0159ed vytvo\u0159en\u00edm objedn\u00e1vky nebo p\u0159ed registrac\u00ed, a sb\u00edrat m\u016f\u017eeme tak\u00e9 \u00fadaje o va\u0161em pohybu na na\u0161em webu, i kdy\u017e se p\u0159es sv\u016fj z\u00e1kaznick\u00fd \u00fa\u010det nep\u0159ihl\u00e1s\u00edte (nap\u0159. kdy\u017e v\u00e1s identifikujeme pomoc\u00ed cookie nebo obdobn\u00e9 technologie).<\/p>\n<p>Pokud n\u00e1m p\u0159i n\u00e1v\u0161t\u011bv\u011b na\u0161\u00ed webov\u00e9 str\u00e1nky, ani\u017e byste u n\u00e1s m\u011bli \u00fa\u010det nebo u n\u00e1s vytvo\u0159ili objedn\u00e1vku, ud\u011bl\u00edte souhlas ke zpracov\u00e1n\u00ed va\u0161ich osobn\u00edch \u00fadaj\u016f pro \u00fa\u010del zas\u00edl\u00e1n\u00ed nab\u00eddek na m\u00edru a c\u00edlen\u00e9 reklamy, budeme pro tento \u00fa\u010del pou\u017e\u00edvat pouze \u00fadaje o va\u0161em chov\u00e1n\u00ed na na\u0161em webu. Pokud se z\u00e1rove\u0148 p\u0159ihl\u00e1s\u00edte ke sv\u00e9mu \u00fa\u010dtu, tyto informace zkombinujeme s va\u0161imi ostatn\u00edmi osobn\u00edmi \u00fadaji.<\/p>\n<p>Va\u0161e osobn\u00ed \u00fadaje m\u016f\u017eeme rovn\u011b\u017e zpracov\u00e1vat z d\u016fvodu, \u017ee je pot\u0159ebujeme k uplatn\u011bn\u00ed na\u0161ich pr\u00e1v a pr\u00e1vn\u00edch n\u00e1rok\u016f (nap\u0159. v p\u0159\u00edpad\u011b, \u017ee v\u016f\u010di n\u00e1m budete m\u00edt neuhrazenou pohled\u00e1vku). D\u00e1le m\u016f\u017eeme va\u0161e osobn\u00ed \u00fadaje zpracov\u00e1vat i proto, \u017ee jsme k tomu povinni dle relevantn\u00edch pr\u00e1vn\u00edch p\u0159edpis\u016f, zejm\u00e9na \u00fa\u010detn\u00edch a da\u0148ov\u00fdch z\u00e1kon\u016f \u2013 zde jde tedy o pln\u011bn\u00ed na\u0161\u00ed pr\u00e1vn\u00ed povinnosti a z d\u016fvodu, \u017ee tyto \u00fadaje pot\u0159ebujeme pro \u00fa\u010dely kontrol prov\u00e1d\u011bn\u00fdch org\u00e1ny ve\u0159ejn\u00e9 moci (nap\u0159. finan\u010dn\u00edho \u00fa\u0159adu, \u010cesk\u00e9 obchodn\u00ed inspekce apod.).<\/p>\n<p>V p\u0159\u00edpad\u011b, \u017ee se zaregistrujete k odb\u011bru newsletter\u016f, budeme zpracov\u00e1vat \u00fadaj o va\u0161\u00ed e-mailov\u00e9 adrese na z\u00e1klad\u011b va\u0161eho souhlasu se zpracov\u00e1n\u00edm osobn\u00edch \u00fadaj\u016f za \u00fa\u010delem zas\u00edl\u00e1n\u00ed nab\u00eddkov\u00fdch e-mail\u016f a dal\u0161\u00edch obchodn\u00edch sd\u011blen\u00ed prost\u0159ednictv\u00edm elektronick\u00fdch prost\u0159edk\u016f. \u00dadaj o va\u0161\u00ed e-mailov\u00e9 adrese takto za\u010dneme zpracov\u00e1vat a\u017e pot\u00e9, kdy se zaregistrujete k odb\u011bru newsletter\u016f na na\u0161ich str\u00e1nk\u00e1ch a n\u00e1sledn\u011b dokon\u010d\u00edte tuto registraci potvrzen\u00edm souhlasu se zpracov\u00e1n\u00edm osobn\u00edch \u00fadaj\u016f v doru\u010den\u00e9 e-mailov\u00e9 zpr\u00e1v\u011b. Nebude-li registrace v\u00fd\u0161e uveden\u00fdm zp\u016fsobem dokon\u010dena, va\u0161e e-mailov\u00e1 adresa bude bez zbyte\u010dn\u00e9ho odkladu odstran\u011bna.<\/p>\n<p>Va\u0161e osobn\u00ed \u00fadaje d\u00e1le zpracov\u00e1v\u00e1me t\u00e9\u017e na z\u00e1klad\u011b tzv. opr\u00e1vn\u011bn\u00fdch z\u00e1jm\u016f spole\u010dnosti, to v\u0161ak v\u017edy pouze za podm\u00ednky, \u017ee p\u0159ed t\u011bmito opr\u00e1vn\u011bn\u00fdmi z\u00e1jmy nemaj\u00ed p\u0159ednost va\u0161e z\u00e1jmy nebo z\u00e1kladn\u00ed pr\u00e1va a svobody vy\u017eaduj\u00edc\u00ed ochranu osobn\u00edch \u00fadaj.<\/p>\n<p>Za \u00fa\u010delem zaji\u0161t\u011bn\u00ed ochrany \u017eivota a zdrav\u00ed osob nach\u00e1zej\u00edc\u00edch se ve zdravotnick\u00e9m za\u0159\u00edzen\u00ed a ochrany majetku p\u0159ed ztr\u00e1tou, zni\u010den\u00edm nebo vandalismem zpracov\u00e1v\u00e1 spr\u00e1vce kamerov\u00fd z\u00e1znam osob nach\u00e1zej\u00edc\u00edch se v monitorovan\u00fdch prostor\u00e1ch chodeb zdravotnick\u00e9ho za\u0159\u00edzen\u00ed.<\/p>\n<h2 class=\"wp-block-heading\"><strong>IV. Doba, po kterou budou poskytnut\u00e9 osobn\u00ed \u00fadaje ulo\u017eeny<\/strong><\/h2>\n<p>Va\u0161e osobn\u00ed \u00fadaje zpracov\u00e1van\u00e9 pro jednotliv\u00e9 \u00fa\u010dely uveden\u00e9 v\u00fd\u0161e uchov\u00e1v\u00e1me po dobu:<\/p>\n<ul class=\"wp-block-list\">\n<li>pot\u0159ebnou k pln\u011bn\u00ed p\u0159\u00edslu\u0161n\u00e9ho \u00fa\u010delu (tj. minim\u00e1ln\u011b dobu trv\u00e1n\u00ed dle archiva\u010dn\u00edho z\u00e1kona \u010di ukon\u010den\u00ed smluvn\u00edho \u010di jin\u00e9ho pr\u00e1vn\u00edho vztahu jinou formou)<\/li>\n<li>na jakou jste n\u00e1m ud\u011blili souhlas, pokud va\u0161e \u00fadaje zpracov\u00e1v\u00e1me na z\u00e1klad\u011b souhlasu, anebo do odvol\u00e1n\u00ed souhlasu<\/li>\n<li>v p\u0159\u00edpad\u011b ud\u011blen\u00ed souhlasu pro marketingov\u00e9 \u00fa\u010dely (v\u010d. profilov\u00e1n\u00ed za \u00fa\u010delem nab\u00eddky vhodn\u00fdch produkt\u016f a slu\u017eeb) jsou \u00fadaje zpracov\u00e1ny po dobu platnosti \u00fa\u010delu zpracov\u00e1n\u00ed anebo je d\u00e1na pr\u00e1vn\u00edmi p\u0159edpisy<\/li>\n<li>z\u00e1znam z kamerov\u00e9ho syst\u00e9mu je uchov\u00e1v\u00e1n po dobu 5 dn\u00ed. V p\u0159\u00edpad\u011b realizace pr\u00e1v, k jejich\u017e ochran\u011b kamerov\u00fd syst\u00e9m slou\u017e\u00ed, m\u016f\u017ee b\u00fdt doba uchov\u00e1n\u00ed del\u0161\u00ed (nap\u0159. po dobu \u0159\u00edzen\u00ed p\u0159ed org\u00e1nem policie, p\u0159ed soudem apod.).<\/li>\n<\/ul>\n<h2 class=\"wp-block-heading\"><strong>V. Zpracovatel\u00e9 osobn\u00edch \u00fadaj\u016f<\/strong><\/h2>\n<p>V\u0161echny zm\u00edn\u011bn\u00e9 osobn\u00ed \u00fadaje zpracov\u00e1v\u00e1me my jako Spr\u00e1vce. To znamen\u00e1, \u017ee my stanovujeme shora vymezen\u00e9 \u00fa\u010dely, pro kter\u00e9 va\u0161e osobn\u00ed \u00fadaje shroma\u017e\u010fujeme, ur\u010dujeme prost\u0159edky zpracov\u00e1n\u00ed a odpov\u00edd\u00e1me za jeho \u0159\u00e1dn\u00e9 proveden\u00ed. Pro zpracov\u00e1n\u00ed osobn\u00edch \u00fadaj\u016f rovn\u011b\u017e vyu\u017e\u00edv\u00e1me slu\u017eeb n\u00ed\u017ee popsan\u00fdch zpracovatel\u016f, kte\u0159\u00ed osobn\u00ed \u00fadaje zpracov\u00e1vaj\u00ed pouze podle na\u0161ich pokyn\u016f a pro \u00fa\u010dely, kter\u00e9 jsou pops\u00e1ny v \u010d\u00e1sti III.<\/p>\n<ul class=\"wp-block-list\">\n<li><strong>Synlab czech s. r. o.<\/strong>, Sokolovsk\u00e1 100\/94, 186 00 Praha 8, za \u00fa\u010delem proveden\u00ed laboratorn\u00edho vy\u0161et\u0159en\u00ed.<\/li>\n<li><strong>Vidia-Diagnostika, spol. s\u00a0r. o.<\/strong>, Gener\u00e1la Janou\u0161ka 902, 198 00 Praha 9, za \u00fa\u010delem proveden\u00ed laboratorn\u00edho vy\u0161et\u0159en\u00ed.<\/li>\n<li><strong>Zdravotn\u00ed \u00fastav se s\u00eddlem v \u00dast\u00ed nad Labem<\/strong>, \u00dast\u00ed nad Labem, Moskevsk\u00e1 15, PS\u010c 400 01, I\u010c: 71009361, zdravotnick\u00e9 za\u0159\u00edzen\u00ed, p\u0159\u00edsp\u011bvkov\u00e1 organizace Ministerstva zdravotnictv\u00ed \u010cesk\u00e9 republiky, za \u00fa\u010delem proveden\u00ed laboratorn\u00edho vy\u0161et\u0159en\u00ed.<\/li>\n<li><strong>\u00dastav l\u00e9ka\u0159sk\u00e9 biochemie a laboratorn\u00ed diagnostiky VFN Praha a 1. LF UK \u2013 laborato\u0159 STD<\/strong>, V\u0161eobecn\u00e1 fakultn\u00ed nemocnice v Praze, se s\u00eddlem Praha 2, U Nemocnice 2, PS\u010c 128 08, I\u010c: 00064165, p\u0159\u00edsp\u011bvkov\u00e1 organizace Ministerstva zdravotnictv\u00ed \u010cesk\u00e9 republiky, za \u00fa\u010delem proveden\u00ed laboratorn\u00edho vy\u0161et\u0159en\u00ed.<\/li>\n<li><strong>V\u00a0p\u0159\u00edpad\u011b anonymn\u00ed objedn\u00e1vky laboratorn\u00edho vy\u0161et\u0159en\u00ed jsou Va\u0161e osobn\u00ed \u00fadaje pseudonymizov\u00e1ny.<\/strong><\/li>\n<\/ul>\n<p>Va\u0161e osobn\u00ed \u00fadaje jsou zpracov\u00e1v\u00e1ny v\u00fdhradn\u011b na \u00fazem\u00ed EU\/EHP, nep\u0159ed\u00e1v\u00e1me je do jin\u00fdch zem\u00ed.<\/p>\n<h2 class=\"wp-block-heading\"><strong>VI. Va\u0161e pr\u00e1va t\u00fdkaj\u00edc\u00ed se ochrany Va\u0161ich osobn\u00edch \u00fadaj\u016f<\/strong><\/h2>\n<h3 class=\"wp-block-heading\">A. PR\u00c1VO NA P\u0158\u00cdSTUP<\/h3>\n<p>M\u00e1te pr\u00e1vo v\u011bd\u011bt, jak\u00e9 \u00fadaje o v\u00e1s zpracov\u00e1v\u00e1me, za jak\u00fdm \u00fa\u010delem, po jakou dobu, kde va\u0161e osobn\u00ed \u00fadaje z\u00edsk\u00e1v\u00e1me, komu je p\u0159ed\u00e1v\u00e1me, kdo je mimo n\u00e1s zpracov\u00e1v\u00e1 a jak\u00e1 m\u00e1te dal\u0161\u00ed pr\u00e1va souvisej\u00edc\u00ed se zpracov\u00e1n\u00edm va\u0161ich osobn\u00edch \u00fadaj\u016f.<\/p>\n<h3 class=\"wp-block-heading\">B. PR\u00c1VO NA OPRAVU<\/h3>\n<p>Pokud zjist\u00edte, \u017ee osobn\u00ed \u00fadaje, kter\u00e9 o v\u00e1s zpracov\u00e1v\u00e1me, jsou nep\u0159esn\u00e9 nebo ne\u00fapln\u00e9, m\u00e1te pr\u00e1vo na to, abychom je bez zbyte\u010dn\u00e9ho odkladu opravili, pop\u0159\u00edpad\u011b doplnili.<\/p>\n<h3 class=\"wp-block-heading\">C. PR\u00c1VO NA V\u00ddMAZ<\/h3>\n<p>V n\u011bkter\u00fdch p\u0159\u00edpadech m\u00e1te pr\u00e1vo, abychom va\u0161e osobn\u00ed \u00fadaje vymazali. Va\u0161e osobn\u00ed \u00fadaje bez zbyte\u010dn\u00e9ho odkladu vyma\u017eeme, pokud je spln\u011bn n\u011bkter\u00fd z n\u00e1sleduj\u00edc\u00edch d\u016fvod\u016f: va\u0161e osobn\u00ed \u00fadaje ji\u017e nepot\u0159ebujeme pro \u00fa\u010dely, pro kter\u00e9 jsme je zpracov\u00e1vali; odvol\u00e1te souhlas se zpracov\u00e1n\u00edm osobn\u00edch \u00fadaj\u016f, p\u0159i\u010dem\u017e se jedn\u00e1 o \u00fadaje, k jejich\u017e zpracov\u00e1n\u00ed je v\u00e1\u0161 souhlas nezbytn\u00fd a z\u00e1rove\u0148 nem\u00e1me jin\u00fd pr\u00e1vn\u00ed d\u016fvod, pro\u010d tyto \u00fadaje pot\u0159ebujeme nad\u00e1le zpracov\u00e1vat; vyu\u017eijete sv\u00e9ho pr\u00e1va vzn\u00e9st n\u00e1mitku proti zpracov\u00e1n\u00ed u osobn\u00edch \u00fadaj\u016f, kter\u00e9 zpracov\u00e1v\u00e1me na z\u00e1klad\u011b na\u0161ich opr\u00e1vn\u011bn\u00fdch z\u00e1jm\u016f a my shled\u00e1me, \u017ee ji\u017e \u017e\u00e1dn\u00e9 takov\u00e9 opr\u00e1vn\u011bn\u00e9 z\u00e1jmy, kter\u00e9 by toto zpracov\u00e1n\u00ed oprav\u0148ovaly, nem\u00e1me nebo se domn\u00edv\u00e1te, \u017ee n\u00e1mi prov\u00e1d\u011bn\u00e9 zpracov\u00e1n\u00ed osobn\u00edch \u00fadaj\u016f p\u0159estalo b\u00fdt v souladu s obecn\u011b z\u00e1vazn\u00fdmi p\u0159edpisy. Toto pr\u00e1vo se neuplatn\u00ed v p\u0159\u00edpad\u011b, \u017ee zpracov\u00e1n\u00ed va\u0161ich osobn\u00edch \u00fadaj\u016f je i nad\u00e1le nezbytn\u00e9 pro spln\u011bn\u00ed na\u0161\u00ed pr\u00e1vn\u00ed povinnosti nebo ur\u010den\u00ed, v\u00fdkon nebo obhajobu na\u0161ich pr\u00e1vn\u00edch n\u00e1rok\u016f.<\/p>\n<h3 class=\"wp-block-heading\">D. PR\u00c1VO VZN\u00c9ST N\u00c1MITKU<\/h3>\n<p>M\u00e1te pr\u00e1vo vzn\u00e9st n\u00e1mitku proti zpracov\u00e1n\u00ed osobn\u00edch \u00fadaj\u016f, k n\u011bmu\u017e doch\u00e1z\u00ed na z\u00e1klad\u011b na\u0161eho opr\u00e1vn\u011bn\u00e9ho z\u00e1jmu. Jde-li o marketingov\u00e9 aktivity, p\u0159estaneme va\u0161e osobn\u00ed \u00fadaje bez dal\u0161\u00edho zpracov\u00e1vat; v ostatn\u00edch p\u0159\u00edpadech tak u\u010din\u00edme, pokud nebudeme m\u00edt z\u00e1va\u017en\u00e9 opr\u00e1vn\u011bn\u00e9 d\u016fvody pro to, abychom v takov\u00e9m zpracov\u00e1n\u00ed pokra\u010dovali.<\/p>\n<h3 class=\"wp-block-heading\">E. PR\u00c1VO ODVOLAT SOUHLAS<\/h3>\n<p>M\u00e1te pr\u00e1vo odvolat souhlas\u202fv p\u0159\u00edpad\u011b, kdy va\u0161e osobn\u00ed \u00fadaje zpracov\u00e1v\u00e1me na z\u00e1klad\u011b souhlasu.<\/p>\n<h3 class=\"wp-block-heading\">F. PR\u00c1VO NA P\u0158ENOSITELNOST \u00daDAJ\u016e<\/h3>\n<p>M\u00e1te pr\u00e1vo na p\u0159enositelnost\u202ft\u011bch \u00fadaj\u016f, kter\u00e9 jste n\u00e1m poskytli a kter\u00e9 zpracov\u00e1v\u00e1me na z\u00e1klad\u011b nezbytnosti jejich zpracov\u00e1n\u00ed pro \u00fa\u010dely pln\u011bn\u00ed smlouvy nebo na z\u00e1klad\u011b va\u0161eho souhlasu. V p\u0159\u00edpad\u011b, kdy byste m\u011bli z\u00e1jem p\u0159edat tyto \u00fadaje jin\u00e9mu spr\u00e1vci, v\u00e1m umo\u017en\u00edme z\u00edskat va\u0161e osobn\u00ed \u00fadaje ve strukturovan\u00e9m, b\u011b\u017en\u011b pou\u017e\u00edvan\u00e9m a strojov\u011b \u010diteln\u00e9m form\u00e1tu, p\u0159\u00edpadn\u011b, bude-li to technicky provediteln\u00e9, je p\u0159\u00edmo p\u0159ed\u00e1me jin\u00e9mu spr\u00e1vci.<\/p>\n<h3 class=\"wp-block-heading\">G. PR\u00c1VO PODAT ST\u00cd\u017dNOST<\/h3>\n<p>Uplatn\u011bn\u00edm pr\u00e1v v\u00fd\u0161e uveden\u00fdm zp\u016fsobem nen\u00ed nijak dot\u010deno va\u0161e pr\u00e1vo podat st\u00ed\u017enost u p\u0159\u00edslu\u0161n\u00e9ho dozorov\u00e9ho \u00fa\u0159adu. Toto pr\u00e1vo m\u016f\u017eete uplatnit zejm\u00e9na v p\u0159\u00edpad\u011b, \u017ee se domn\u00edv\u00e1te, \u017ee va\u0161e osobn\u00ed \u00fadaje zpracov\u00e1v\u00e1me neopr\u00e1vn\u011bn\u011b nebo v rozporu s obecn\u011b z\u00e1vazn\u00fdmi pr\u00e1vn\u00edmi p\u0159edpisy. St\u00ed\u017enost proti n\u00e1mi prov\u00e1d\u011bn\u00e9mu zpracov\u00e1n\u00ed osobn\u00edch \u00fadaj\u016f m\u016f\u017eete podat u \u00da\u0159adu pro ochranu osobn\u00edch \u00fadaj\u016f, kter\u00fd s\u00eddl\u00ed na adrese Pplk. Sochora 27, 170 00 Praha 7, e-mailov\u00e1 adresa:\u00a0<a href=\"mailto:posta@uoou.cz\">posta@uoou.cz<\/a>, ID datov\u00e9 schr\u00e1nky: qkbaa2n.<\/p>\n<p><strong>V\u00a0p\u0159\u00edpad\u011b dotaz\u016f ohledn\u011b zpracov\u00e1n\u00ed va\u0161ich osobn\u00edch \u00fadaj\u016f v\u00a0Medic\u00ednsk\u00e9m centru Praha s.r.o. se, pros\u00edm, obracejte na spr\u00e1vce \u00fadaj\u016f Medic\u00ednsk\u00e9ho centra Praha s.r.o.\u00a0<\/strong>Kontaktn\u00ed \u00fadaje:\u00a0<a href=\"mailto:info@mc-praha.cz\">info@mc-praha.cz<\/a>.<\/p>\n<\/div>\n","protected":false},"excerpt":{"rendered":"<p>Informace o zpracov\u00e1n\u00ed osobn\u00edch \u00fadaj\u016f V\u00a0souladu s\u00a0Na\u0159\u00edzen\u00edm Evropsk\u00e9ho parlamentu a Rady (EU) 2016\/679 ze dne [&hellip;]<\/p>\n","protected":false},"author":7,"featured_media":0,"parent":0,"menu_order":0,"comment_status":"closed","ping_status":"closed","template":"","meta":{"_uag_custom_page_level_css":""},"uagb_featured_image_src":{"full":false,"thumbnail":false,"medium":false,"medium_large":false,"large":false,"1536x1536":false,"2048x2048":false,"boldthemes_grid":false,"boldthemes_grid_11":false,"boldthemes_grid_22":false,"boldthemes_grid_21":false,"boldthemes_grid_12":false,"boldthemes_latest_posts":false,"boldthemes_grid_gallery":false},"uagb_author_info":{"display_name":"Jbednar","author_link":"https:\/\/www.mc-praha.cz\/mcp\/author\/jbednar\/"},"uagb_comment_info":0,"uagb_excerpt":"Informace o zpracov\u00e1n\u00ed osobn\u00edch \u00fadaj\u016f V\u00a0souladu s\u00a0Na\u0159\u00edzen\u00edm Evropsk\u00e9ho parlamentu a Rady (EU) 2016\/679 ze dne [&hellip;]","post_mailing_queue_ids":[],"_links":{"self":[{"href":"https:\/\/www.mc-praha.cz\/mcp\/wp-json\/wp\/v2\/pages\/4721"}],"collection":[{"href":"https:\/\/www.mc-praha.cz\/mcp\/wp-json\/wp\/v2\/pages"}],"about":[{"href":"https:\/\/www.mc-praha.cz\/mcp\/wp-json\/wp\/v2\/types\/page"}],"author":[{"embeddable":true,"href":"https:\/\/www.mc-praha.cz\/mcp\/wp-json\/wp\/v2\/users\/7"}],"replies":[{"embeddable":true,"href":"https:\/\/www.mc-praha.cz\/mcp\/wp-json\/wp\/v2\/comments?post=4721"}],"version-history":[{"count":2,"href":"https:\/\/www.mc-praha.cz\/mcp\/wp-json\/wp\/v2\/pages\/4721\/revisions"}],"predecessor-version":[{"id":4724,"href":"https:\/\/www.mc-praha.cz\/mcp\/wp-json\/wp\/v2\/pages\/4721\/revisions\/4724"}],"wp:attachment":[{"href":"https:\/\/www.mc-praha.cz\/mcp\/wp-json\/wp\/v2\/media?parent=4721"}],"curies":[{"name":"wp","href":"https:\/\/api.w.org\/{rel}","templated":true}]}}